{"id":955,"date":"2024-07-15T17:52:21","date_gmt":"2024-07-15T15:52:21","guid":{"rendered":"https:\/\/marinaceuta.com\/politique-de-confidentialite\/"},"modified":"2026-07-08T13:12:15","modified_gmt":"2026-07-08T11:12:15","slug":"politique-de-confidentialite","status":"publish","type":"page","link":"https:\/\/marinaceuta.com\/fr\/politique-de-confidentialite\/","title":{"rendered":"Politique de Confidentialit\u00e9"},"content":{"rendered":"\t\t<div data-elementor-type=\"wp-page\" data-elementor-id=\"955\" class=\"elementor elementor-955 elementor-75\" data-elementor-post-type=\"page\">\n\t\t\t\t<div class=\"elementor-element elementor-element-cd63ec1 e-flex e-con-boxed e-con e-parent\" data-id=\"cd63ec1\" data-element_type=\"container\" data-e-type=\"container\">\n\t\t\t\t\t<div class=\"e-con-inner\">\n\t\t\t\t<div class=\"elementor-element elementor-element-c702422 elementor-widget elementor-widget-heading\" data-id=\"c702422\" data-element_type=\"widget\" data-e-type=\"widget\" data-widget_type=\"heading.default\">\n\t\t\t\t<div class=\"elementor-widget-container\">\n\t\t\t\t\t<h1 class=\"elementor-heading-title elementor-size-default\">Politique de Confidentialit\u00e9<\/h1>\t\t\t\t<\/div>\n\t\t\t\t<\/div>\n\t\t\t\t<div class=\"elementor-element elementor-element-f9eae2c elementor-widget elementor-widget-text-editor\" data-id=\"f9eae2c\" data-element_type=\"widget\" data-e-type=\"widget\" data-widget_type=\"text-editor.default\">\n\t\t\t\t<div class=\"elementor-widget-container\">\n\t\t\t\t\t\t\t\t\t<p>Chez MARINA DE CEUTA, nous sommes convaincus et d\u00e9fendons l&rsquo;id\u00e9e que le respect de votre vie priv\u00e9e est une question de la plus haute importance et que <strong>vous seul devez pouvoir d\u00e9cider de l&rsquo;utilisation qui est faite de vos informations.<\/strong> C\u2019est pourquoi nous nous sommes conform\u00e9s \u00e0 l\u2019ensemble des exigences du r\u00e8glement (UE) 2016\/679 du Parlement europ\u00e9en et du Conseil, du 27 avril 2016, relatif \u00e0 la protection des personnes physiques \u00e0 l\u2019\u00e9gard du traitement des donn\u00e9es \u00e0 caract\u00e8re personnel et \u00e0 la libre circulation de ces donn\u00e9es (RGPD), \u00e0 la loi organique n\u00b0 03\/2018 du 5 d\u00e9cembre relative \u00e0 la protection des donn\u00e9es \u00e0 caract\u00e8re personnel et \u00e0 la garantie des droits num\u00e9riques (LOPDGDD) ainsi qu\u2019\u00e0 la loi n\u00b0 34\/2002 relative aux services de la soci\u00e9t\u00e9 de l\u2019information et au commerce \u00e9lectronique. Nous mettons donc \u00e0 votre disposition tout ce dont vous avez besoin pour comprendre cette l\u00e9gislation et nous vous demandons de nous indiquer ce que nous pouvons et ne pouvons pas faire avec vos donn\u00e9es. <\/p><p>Si vous souhaitez nous contacter, vous pouvez le faire par courrier postal \u00e0 l&rsquo;adresse ci-dessus ou par e-mail \u00e0 l&rsquo;adresse <strong><a href=\"mailto:info@marinaceuta.com\">info@marinaceuta.com.<\/a><\/strong><\/p><p>L&rsquo;acc\u00e8s \u00e0 notre domaine peut se faire directement ou par l&rsquo;interm\u00e9diaire de toute redirection existante, la Politique de Confidentialit\u00e9 applicable \u00e9tant la pr\u00e9sente.<\/p>\t\t\t\t\t\t\t\t<\/div>\n\t\t\t\t<\/div>\n\t\t\t\t<div class=\"elementor-element elementor-element-fbc604e elementor-widget elementor-widget-heading\" data-id=\"fbc604e\" data-element_type=\"widget\" data-e-type=\"widget\" data-widget_type=\"heading.default\">\n\t\t\t\t<div class=\"elementor-widget-container\">\n\t\t\t\t\t<h4 class=\"elementor-heading-title elementor-size-default\">Qui est le responsable du traitement de vos donn\u00e9es ?<\/h4>\t\t\t\t<\/div>\n\t\t\t\t<\/div>\n\t\t\t\t<div class=\"elementor-element elementor-element-5400304 elementor-widget elementor-widget-text-editor\" data-id=\"5400304\" data-element_type=\"widget\" data-e-type=\"widget\" data-widget_type=\"text-editor.default\">\n\t\t\t\t<div class=\"elementor-widget-container\">\n\t\t\t\t\t\t\t\t\t<p>MARINA HERCULES S.A., exer\u00e7ant ses activit\u00e9s sous la d\u00e9nomination commerciale <strong>MARINA DE CEUTA<\/strong>, dont le num\u00e9ro d&rsquo;identification fiscale (CIF) est : A51013514, num\u00e9ro de t\u00e9l\u00e9phone : +34 956525001, adresse e-mail : <a href=\"mailto:info@marinaceuta.com\">info@marinaceuta.com<\/a> et site Internet : <a href=\"https:\/\/marinaceuta.com\/fr\/\">https:\/\/marinaceuta.com\/<\/a>    <\/p>\t\t\t\t\t\t\t\t<\/div>\n\t\t\t\t<\/div>\n\t\t\t\t<div class=\"elementor-element elementor-element-14960b7 elementor-widget elementor-widget-heading\" data-id=\"14960b7\" data-element_type=\"widget\" data-e-type=\"widget\" data-widget_type=\"heading.default\">\n\t\t\t\t<div class=\"elementor-widget-container\">\n\t\t\t\t\t<h4 class=\"elementor-heading-title elementor-size-default\">\u00c0 quoi vont servir vos donn\u00e9es ?<\/h4>\t\t\t\t<\/div>\n\t\t\t\t<\/div>\n\t\t\t\t<div class=\"elementor-element elementor-element-4a0f081 elementor-widget elementor-widget-text-editor\" data-id=\"4a0f081\" data-element_type=\"widget\" data-e-type=\"widget\" data-widget_type=\"text-editor.default\">\n\t\t\t\t<div class=\"elementor-widget-container\">\n\t\t\t\t\t\t\t\t\t<p><br>Chez MARINA DE CEUTA, nous utilisons vos donn\u00e9es \u00e0 caract\u00e8re personnel, sur la base d&rsquo;un int\u00e9r\u00eat l\u00e9gitime des parties et\/ou de votre consentement explicite, afin de vous proposer les services propres \u00e0 notre port de plaisance.<\/p><p>Nous recueillons \u00e9galement vos donn\u00e9es lorsque vous nous transmettez votre CV via les rubriques pr\u00e9vues \u00e0 cet effet et dans le cadre des processus de recrutement.<\/p><p>Si vous r\u00e9servez un poste d&rsquo;amarrage ou une place de parking, vos donn\u00e9es seront utilis\u00e9es pr\u00e9cis\u00e9ment pour g\u00e9rer cette r\u00e9servation et toutes les autres demandes que vous nous adresserez, ainsi que pour toutes les d\u00e9marches li\u00e9es \u00e0 votre s\u00e9jour chez nous.<\/p><p>Si vous d\u00e9cidez de garer votre voiture dans nos parkings, nous enregistrerons \u00e9galement le num\u00e9ro d&rsquo;immatriculation de votre v\u00e9hicule ; ou si votre organisme a conclu un accord commercial avec nous permettant \u00e0 vos clients de r\u00e9server une place et de garer leur voiture dans notre parking, nous n&rsquo;enregistrerons que les donn\u00e9es n\u00e9cessaires \u00e0 la r\u00e9servation de la place ainsi que celles du v\u00e9hicule qui y acc\u00e8de.<\/p><p>Si vous nous contactez via nos num\u00e9ros de t\u00e9l\u00e9phone officiels, nos applications de r\u00e9servation, notre site web ou nos r\u00e9seaux sociaux, vos donn\u00e9es seront trait\u00e9es uniquement dans le but de r\u00e9pondre \u00e0 votre demande, afin de g\u00e9rer vos demandes, de r\u00e9pondre aux questions, doutes ou commentaires que vous nous transmettez via les canaux officiels mis en place \u00e0 cet effet et de vous tenir inform\u00e9 de nos services.<\/p><p>D\u00e8s lors que vous effectuez une r\u00e9servation chez nous, que vous utilisez nos installations ou que vous nous adressez une demande par ce biais et que vous acceptez la pr\u00e9sente politique en cochant la case correspondante, nous utiliserons de mani\u00e8re l\u00e9gitime votre adresse e-mail ou votre num\u00e9ro de t\u00e9l\u00e9phone pour vous tenir inform\u00e9 de toutes nos actualit\u00e9s, offres, etc. ; vous pouvez \u00e0 tout moment annuler ou vous d\u00e9sabonner de ce type de communications, sans que ce retrait de consentement n&rsquo;affecte les autres donn\u00e9es que nous d\u00e9tenons \u00e0 votre sujet.<\/p><p>Dans tous les cas, nous respecterons la confidentialit\u00e9 de toutes les informations que vous nous fournirez et nous mettrons en \u0153uvre, concernant vos donn\u00e9es \u00e0 caract\u00e8re personnel, les mesures de s\u00e9curit\u00e9 techniques et organisationnelles n\u00e9cessaires pour garantir leur confidentialit\u00e9 et emp\u00eacher tout acc\u00e8s \u00e0 ces informations par des tiers non autoris\u00e9s.<\/p><p> <\/p>\t\t\t\t\t\t\t\t<\/div>\n\t\t\t\t<\/div>\n\t\t\t\t<div class=\"elementor-element elementor-element-d695f91 elementor-widget elementor-widget-heading\" data-id=\"d695f91\" data-element_type=\"widget\" data-e-type=\"widget\" data-widget_type=\"heading.default\">\n\t\t\t\t<div class=\"elementor-widget-container\">\n\t\t\t\t\t<h4 class=\"elementor-heading-title elementor-size-default\">\u00c0 qui communiquerons-nous vos donn\u00e9es ?<\/h4>\t\t\t\t<\/div>\n\t\t\t\t<\/div>\n\t\t\t\t<div class=\"elementor-element elementor-element-2bf6196 elementor-widget elementor-widget-text-editor\" data-id=\"2bf6196\" data-element_type=\"widget\" data-e-type=\"widget\" data-widget_type=\"text-editor.default\">\n\t\t\t\t<div class=\"elementor-widget-container\">\n\t\t\t\t\t\t\t\t\t<p>Nous sommes soumis \u00e0 une s\u00e9rie d&rsquo;obligations l\u00e9gales que nous devons respecter en ce qui concerne vos donn\u00e9es. Parmi celles-ci, nous sommes tenus de communiquer ces donn\u00e9es lorsque l&rsquo;administration publique comp\u00e9tente nous les demande ou lorsqu&rsquo;une injonction en ce sens est \u00e9mise. <\/p><p>Nous communiquerons les donn\u00e9es relatives aux utilisateurs aux forces de l&rsquo;ordre et aux services de s\u00e9curit\u00e9 de l&rsquo;\u00c9tat, lorsque cela nous sera demand\u00e9.<\/p><p>Par ailleurs, et toujours avec votre consentement, vos donn\u00e9es seront transmises aux organismes publics ou priv\u00e9s que vous nous indiquerez afin de mener \u00e0 bien toute d\u00e9marche que vous nous demanderez d&rsquo;effectuer en votre nom, dans le cadre de votre s\u00e9jour chez nous.<\/p><p>Veuillez noter que si vous contactez notre \u00e9quipe via l\u2019un des profils sur les r\u00e9seaux sociaux ou les applications que MARINA DE CEUTA met \u00e0 la disposition des utilisateurs, outre le fait de nous communiquer les donn\u00e9es que vous nous fournissez, vous les communiquerez \u00e9galement aux entit\u00e9s responsables de ce r\u00e9seau social ou de cette application. Pour conna\u00eetre l&rsquo;utilisation et le traitement que ces entit\u00e9s font de vos donn\u00e9es, nous vous conseillons de lire attentivement les politiques de confidentialit\u00e9 des r\u00e9seaux sociaux sur lesquels vous \u00eates actifs. <\/p>\t\t\t\t\t\t\t\t<\/div>\n\t\t\t\t<\/div>\n\t\t\t\t<div class=\"elementor-element elementor-element-287c1fa elementor-widget elementor-widget-heading\" data-id=\"287c1fa\" data-element_type=\"widget\" data-e-type=\"widget\" data-widget_type=\"heading.default\">\n\t\t\t\t<div class=\"elementor-widget-container\">\n\t\t\t\t\t<h4 class=\"elementor-heading-title elementor-size-default\">D'o\u00f9 proviennent vos donn\u00e9es ?<\/h4>\t\t\t\t<\/div>\n\t\t\t\t<\/div>\n\t\t\t\t<div class=\"elementor-element elementor-element-bdefa17 elementor-widget elementor-widget-text-editor\" data-id=\"bdefa17\" data-element_type=\"widget\" data-e-type=\"widget\" data-widget_type=\"text-editor.default\">\n\t\t\t\t<div class=\"elementor-widget-container\">\n\t\t\t\t\t\t\t\t\t<ul><li><p>Lorsque vous effectuez une r\u00e9servation en personne ou en ligne \u00e0 la MARINA DE CEUTA.<\/p><\/li><li><p>Lorsque vous nous contactez via notre num\u00e9ro de t\u00e9l\u00e9phone officiel, notre site web ou nos comptes sur les r\u00e9seaux sociaux.<\/p><\/li><li><p>Lorsque vous nous donnez votre consentement pour l&rsquo;envoi de communications commerciales.<\/p><\/li><li><p>Lorsque vous nous envoyez votre CV dans le cadre d&rsquo;un processus de recrutement.<\/p><\/li><li><p>Que vous soyez abonn\u00e9 \u00e0 nos parkings avec place r\u00e9serv\u00e9e ou simple utilisateur de ceux-ci.<\/p><\/li><li><p>Lorsque nous prenons des photos de vous lors d&rsquo;\u00e9v\u00e9nements afin de faire conna\u00eetre nos activit\u00e9s via nos canaux officiels (site web, r\u00e9seaux sociaux, etc.)<\/p><\/li><\/ul>\t\t\t\t\t\t\t\t<\/div>\n\t\t\t\t<\/div>\n\t\t\t\t<div class=\"elementor-element elementor-element-18ac2b1 elementor-widget elementor-widget-heading\" data-id=\"18ac2b1\" data-element_type=\"widget\" data-e-type=\"widget\" data-widget_type=\"heading.default\">\n\t\t\t\t<div class=\"elementor-widget-container\">\n\t\t\t\t\t<h4 class=\"elementor-heading-title elementor-size-default\">Quels sont vos droits et comment pouvez-vous les exercer ?<\/h4>\t\t\t\t<\/div>\n\t\t\t\t<\/div>\n\t\t\t\t<div class=\"elementor-element elementor-element-f4b314a elementor-widget elementor-widget-text-editor\" data-id=\"f4b314a\" data-element_type=\"widget\" data-e-type=\"widget\" data-widget_type=\"text-editor.default\">\n\t\t\t\t<div class=\"elementor-widget-container\">\n\t\t\t\t\t\t\t\t\t<p>Nous vous informons que vous avez le droit d&rsquo;obtenir la confirmation que nous traitons ou non des donn\u00e9es \u00e0 caract\u00e8re personnel vous concernant.<\/p><p>Vous pouvez acc\u00e9der \u00e0 vos donn\u00e9es, les rectifier, les supprimer et vous opposer \u00e0 certains traitements, ainsi qu&rsquo;exercer votre droit \u00e0 la limitation du traitement, \u00e0 la portabilit\u00e9 et \u00e0 ne pas faire l&rsquo;objet d&rsquo;une d\u00e9cision individuelle fond\u00e9e exclusivement sur un traitement automatis\u00e9.<\/p><ul><li><strong><em>Acc\u00e9der<\/em><\/strong> \u00e0 vos donn\u00e9es : Vous avez le droit d&rsquo;acc\u00e9der \u00e0 vos donn\u00e9es afin de savoir quelles donn\u00e9es \u00e0 caract\u00e8re personnel vous concernant nous traitons.<\/li><li>Demander la <strong><em>rectification ou \u00e0 la suppression<\/em><\/strong> de vos donn\u00e9es : dans certaines circonstances, vous avez le droit de rectifier les donn\u00e9es \u00e0 caract\u00e8re personnel que vous jugez inexactes et qui font l&rsquo;objet d&rsquo;un traitement de notre part, ainsi que le droit de demander la suppression de vos donn\u00e9es lorsque, entre autres motifs, celles-ci ne sont plus n\u00e9cessaires aux fins pour lesquelles elles ont \u00e9t\u00e9 collect\u00e9es.<\/li><li>Demander la <strong><em>limitation<\/em><\/strong> du traitement de vos donn\u00e9es : dans certaines circonstances, vous aurez le droit de nous demander la limitation du traitement de vos donn\u00e9es ; dans ce cas, nous vous informons que nous ne conserverons que les donn\u00e9es pour lesquelles vous avez demand\u00e9 une limitation du traitement, aux fins de l&rsquo;exercice ou de la d\u00e9fense de vos droits.<\/li><li>\u00c0 la <strong><em>portabilit\u00e9<\/em><\/strong> de vos donn\u00e9es : dans certaines circonstances, vous aurez le droit de recevoir les donn\u00e9es \u00e0 caract\u00e8re personnel vous concernant, que vous nous avez fournies, dans un format structur\u00e9, couramment utilis\u00e9 et lisible par machine, ainsi que de demander que celles-ci soient transmises par nos soins \u00e0 un autre responsable du traitement.<\/li><li><strong><em>Vous opposer<\/em><\/strong> au traitement de vos donn\u00e9es : dans certaines circonstances et pour des motifs li\u00e9s \u00e0 votre situation particuli\u00e8re, vous avez le droit de vous opposer au traitement de vos donn\u00e9es.<\/li><li>Dans ce cas, nous cesserions de traiter vos donn\u00e9es, sauf si nous devons continuer \u00e0 le faire pour des motifs l\u00e9gitimes et imp\u00e9rieux ou pour l&rsquo;exercice ou la d\u00e9fense d&rsquo;\u00e9ventuelles r\u00e9clamations.<\/li><\/ul><p>De plus, vous pourrez \u00e0 tout moment <strong><em>retirer votre consentement<\/em><\/strong> \u00e0 l&rsquo;envoi de communications commerciales.<\/p><p>Vous avez le droit de ne pas faire l&rsquo;objet de <strong><em>d\u00e9cisions automatis\u00e9es<\/em><\/strong>.<\/p><p>Toute personne int\u00e9ress\u00e9e peut d\u00e9poser une r\u00e9clamation aupr\u00e8s de l&rsquo;Agence espagnole de protection des donn\u00e9es, notamment lorsqu&rsquo;elle n&rsquo;est pas satisfaite de la mani\u00e8re dont ses droits ont \u00e9t\u00e9 exerc\u00e9s. Pour plus de d\u00e9tails, veuillez consulter le site web <a href=\"http:\/\/www.agpd.es\">www.agpd.es<\/a><em>.<\/em> <\/p>\t\t\t\t\t\t\t\t<\/div>\n\t\t\t\t<\/div>\n\t\t\t\t<div class=\"elementor-element elementor-element-a5229a9 elementor-widget elementor-widget-heading\" data-id=\"a5229a9\" data-element_type=\"widget\" data-e-type=\"widget\" data-widget_type=\"heading.default\">\n\t\t\t\t<div class=\"elementor-widget-container\">\n\t\t\t\t\t<h4 class=\"elementor-heading-title elementor-size-default\">Pendant combien de temps conservons-nous vos donn\u00e9es ?<\/h4>\t\t\t\t<\/div>\n\t\t\t\t<\/div>\n\t\t\t\t<div class=\"elementor-element elementor-element-2d771ef elementor-widget elementor-widget-text-editor\" data-id=\"2d771ef\" data-element_type=\"widget\" data-e-type=\"widget\" data-widget_type=\"text-editor.default\">\n\t\t\t\t<div class=\"elementor-widget-container\">\n\t\t\t\t\t\t\t\t\t<p>MARINA DE CEUTA conservera vos donn\u00e9es tant qu&rsquo;il existera une relation quelconque avec nous et les supprimera d\u00e8s que les obligations l\u00e9gales applicables qui pourraient en d\u00e9couler auront expir\u00e9.<\/p><p><br>Il va de soi qu&rsquo;il faudra conserver certaines informations pendant la dur\u00e9e minimale fix\u00e9e par la r\u00e9glementation sectorielle applicable.<\/p><p><br>Si vous nous contactez par les moyens indiqu\u00e9s, vos donn\u00e9es seront conserv\u00e9es pendant la dur\u00e9e n\u00e9cessaire pour r\u00e9pondre \u00e0 votre demande d&rsquo;informations.<\/p>\t\t\t\t\t\t\t\t<\/div>\n\t\t\t\t<\/div>\n\t\t\t\t<div class=\"elementor-element elementor-element-9bfa9a2 elementor-widget__width-initial elementor-widget elementor-widget-heading\" data-id=\"9bfa9a2\" data-element_type=\"widget\" data-e-type=\"widget\" data-widget_type=\"heading.default\">\n\t\t\t\t<div class=\"elementor-widget-container\">\n\t\t\t\t\t<h4 class=\"elementor-heading-title elementor-size-default\">Exp\u00e9ditions commerciales<\/h4>\t\t\t\t<\/div>\n\t\t\t\t<\/div>\n\t\t\t\t<div class=\"elementor-element elementor-element-39a2411 elementor-widget elementor-widget-text-editor\" data-id=\"39a2411\" data-element_type=\"widget\" data-e-type=\"widget\" data-widget_type=\"text-editor.default\">\n\t\t\t\t<div class=\"elementor-widget-container\">\n\t\t\t\t\t\t\t\t\t<p>Si vous s\u00e9journez chez nous, si vous remplissez un formulaire de r\u00e9servation ou de contact, ou si vous nous \u00e9crivez pour vous renseigner sur nos services, vous pourrez recevoir par voie \u00e9lectronique des informations correspondant \u00e0 vos centres d&rsquo;int\u00e9r\u00eat ou concernant les services que nous proposons. \u00c0 cette fin, nous utilisons votre nom et l\u2019adresse e-mail que vous nous avez fournis. Ce site web enregistre \u00e9galement l\u2019adresse IP que vous avez utilis\u00e9e lors de votre acc\u00e8s au site (pour plus d\u2019informations, consultez <a href=\"https:\/\/marinaceuta.com\/fr\/politique-de-cookies\/\">https:\/\/marinaceuta.com\/fr\/politique-de-cookies\/<\/a>).  <\/p><p>Conform\u00e9ment \u00e0 la loi n\u00b0 34\/2002 du 11 juillet relative aux services de la soci\u00e9t\u00e9 de l&rsquo;information, MARINA DE CEUTA vous informera \u00e0 tout moment du traitement de votre num\u00e9ro de t\u00e9l\u00e9phone ou de votre adresse e-mail \u00e0 des fins commerciales.<\/p>\t\t\t\t\t\t\t\t<\/div>\n\t\t\t\t<\/div>\n\t\t\t\t<div class=\"elementor-element elementor-element-bd6dc03 elementor-widget elementor-widget-heading\" data-id=\"bd6dc03\" data-element_type=\"widget\" data-e-type=\"widget\" data-widget_type=\"heading.default\">\n\t\t\t\t<div class=\"elementor-widget-container\">\n\t\t\t\t\t<h4 class=\"elementor-heading-title elementor-size-default\">Utilisation de l'IA<\/h4>\t\t\t\t<\/div>\n\t\t\t\t<\/div>\n\t\t\t\t<div class=\"elementor-element elementor-element-604ef5c elementor-widget elementor-widget-text-editor\" data-id=\"604ef5c\" data-element_type=\"widget\" data-e-type=\"widget\" data-widget_type=\"text-editor.default\">\n\t\t\t\t<div class=\"elementor-widget-container\">\n\t\t\t\t\t\t\t\t\t<p>Certains services de MARINA DE CEUTA int\u00e8grent des technologies d&rsquo;intelligence artificielle (IA) afin d&rsquo;offrir le meilleur service possible \u00e0 nos clients. Lorsque vous interagissez avec nos \u00e9tablissements, les informations que vous fournissez peuvent \u00eatre trait\u00e9es par des syst\u00e8mes automatis\u00e9s dans le seul but d&rsquo;am\u00e9liorer la qualit\u00e9 de nos services. <\/p><p>Lorsque nos services impliquent le traitement de donn\u00e9es \u00e0 caract\u00e8re personnel par des syst\u00e8mes d&rsquo;IA, nous mettons en \u0153uvre des mesures techniques et organisationnelles suppl\u00e9mentaires afin de favoriser la transparence et d&rsquo;assurer la s\u00e9curit\u00e9 de ces donn\u00e9es.<\/p><p>Nos pratiques sont conformes aux lois et r\u00e9glementations applicables en mati\u00e8re de protection des donn\u00e9es et de gouvernance de l&rsquo;IA au niveau europ\u00e9en. Pour plus d&rsquo;informations sur nos pratiques en mati\u00e8re d&rsquo;utilisation de l&rsquo;IA, veuillez nous adresser votre demande par les moyens indiqu\u00e9s. <\/p>\t\t\t\t\t\t\t\t<\/div>\n\t\t\t\t<\/div>\n\t\t\t\t<div class=\"elementor-element elementor-element-854222a elementor-widget-divider--view-line elementor-widget elementor-widget-divider\" data-id=\"854222a\" data-element_type=\"widget\" data-e-type=\"widget\" data-widget_type=\"divider.default\">\n\t\t\t\t<div class=\"elementor-widget-container\">\n\t\t\t\t\t\t\t<div class=\"elementor-divider\">\n\t\t\t<span class=\"elementor-divider-separator\">\n\t\t\t\t\t\t<\/span>\n\t\t<\/div>\n\t\t\t\t\t\t<\/div>\n\t\t\t\t<\/div>\n\t\t\t\t<div class=\"elementor-element elementor-element-d8bab9c elementor-widget elementor-widget-text-editor\" data-id=\"d8bab9c\" data-element_type=\"widget\" data-e-type=\"widget\" data-widget_type=\"text-editor.default\">\n\t\t\t\t<div class=\"elementor-widget-container\">\n\t\t\t\t\t\t\t\t\t<p>MARINA DE CEUTA se r\u00e9serve le droit de mettre \u00e0 jour la pr\u00e9sente politique de confidentialit\u00e9 ; c&rsquo;est pourquoi nous vous recommandons de la consulter chaque fois que vous acc\u00e9dez \u00e0 nos services, afin d&rsquo;\u00eatre correctement inform\u00e9 de la mani\u00e8re dont nous utilisons vos donn\u00e9es \u00e0 caract\u00e8re personnel et \u00e0 quelles fins.<\/p><p>Si vous avez des questions, des remarques ou des suggestions concernant ces informations, veuillez \u00e9crire \u00e0 notre d\u00e9l\u00e9gu\u00e9 \u00e0 la protection des donn\u00e9es \u00e0 l&rsquo;adresse suivante : <a href=\"mailto:info@marinaceuta.com\">info@marinaceuta.com<\/a>    <\/p>\t\t\t\t\t\t\t\t<\/div>\n\t\t\t\t<\/div>\n\t\t\t\t\t<\/div>\n\t\t\t\t<\/div>\n\t\t\t\t<\/div>\n\t\t","protected":false},"excerpt":{"rendered":"<p>Politique de Confidentialit\u00e9 Chez MARINA DE CEUTA, nous sommes convaincus et d\u00e9fendons l&rsquo;id\u00e9e que le respect de votre vie priv\u00e9e est une question de la plus haute importance et que vous seul devez pouvoir d\u00e9cider de l&rsquo;utilisation qui est faite de vos informations. C\u2019est pourquoi nous nous sommes conform\u00e9s \u00e0 l\u2019ensemble des exigences du r\u00e8glement [&hellip;]<\/p>\n","protected":false},"author":1,"featured_media":0,"parent":0,"menu_order":0,"comment_status":"closed","ping_status":"closed","template":"elementor_header_footer","meta":{"footnotes":""},"class_list":["post-955","page","type-page","status-publish","hentry"],"yoast_head":"<!-- This site is optimized with the Yoast SEO plugin v28.3 - https:\/\/yoast.com\/product\/yoast-seo-wordpress\/ -->\n<title>Politique de Confidentialit\u00e9 - Marina de Ceuta<\/title>\n<meta name=\"robots\" content=\"noindex, nofollow\" \/>\n<meta property=\"og:locale\" content=\"fr_FR\" \/>\n<meta property=\"og:type\" content=\"article\" \/>\n<meta property=\"og:title\" content=\"Politique de Confidentialit\u00e9 - Marina de Ceuta\" \/>\n<meta property=\"og:description\" content=\"Politique de Confidentialit\u00e9 Chez MARINA DE CEUTA, nous sommes convaincus et d\u00e9fendons l&rsquo;id\u00e9e que le respect de votre vie priv\u00e9e est une question de la plus haute importance et que vous seul devez pouvoir d\u00e9cider de l&rsquo;utilisation qui est faite de vos informations. C\u2019est pourquoi nous nous sommes conform\u00e9s \u00e0 l\u2019ensemble des exigences du r\u00e8glement [&hellip;]\" \/>\n<meta property=\"og:url\" content=\"https:\/\/marinaceuta.com\/fr\/politique-de-confidentialite\/\" \/>\n<meta property=\"og:site_name\" content=\"Marina de Ceuta\" \/>\n<meta property=\"article:publisher\" content=\"https:\/\/www.facebook.com\/marinahercules.puertodeportivodeceuta\" \/>\n<meta property=\"article:modified_time\" content=\"2026-07-08T11:12:15+00:00\" \/>\n<meta name=\"twitter:card\" content=\"summary_large_image\" \/>\n<meta name=\"twitter:site\" content=\"@MarinaHercules\" \/>\n<meta name=\"twitter:label1\" content=\"Dur\u00e9e de lecture estim\u00e9e\" \/>\n\t<meta name=\"twitter:data1\" content=\"10 minutes\" \/>\n<script type=\"application\/ld+json\" class=\"yoast-schema-graph\">{\"@context\":\"https:\\\/\\\/schema.org\",\"@graph\":[{\"@type\":\"WebPage\",\"@id\":\"https:\\\/\\\/marinaceuta.com\\\/fr\\\/politique-de-confidentialite\\\/\",\"url\":\"https:\\\/\\\/marinaceuta.com\\\/fr\\\/politique-de-confidentialite\\\/\",\"name\":\"Politique de Confidentialit\u00e9 - Marina de Ceuta\",\"isPartOf\":{\"@id\":\"https:\\\/\\\/marinaceuta.com\\\/fr\\\/#website\"},\"datePublished\":\"2024-07-15T15:52:21+00:00\",\"dateModified\":\"2026-07-08T11:12:15+00:00\",\"breadcrumb\":{\"@id\":\"https:\\\/\\\/marinaceuta.com\\\/fr\\\/politique-de-confidentialite\\\/#breadcrumb\"},\"inLanguage\":\"fr-FR\",\"potentialAction\":[{\"@type\":\"ReadAction\",\"target\":[\"https:\\\/\\\/marinaceuta.com\\\/fr\\\/politique-de-confidentialite\\\/\"]}]},{\"@type\":\"BreadcrumbList\",\"@id\":\"https:\\\/\\\/marinaceuta.com\\\/fr\\\/politique-de-confidentialite\\\/#breadcrumb\",\"itemListElement\":[{\"@type\":\"ListItem\",\"position\":1,\"name\":\"Portada\",\"item\":\"https:\\\/\\\/marinaceuta.com\\\/fr\\\/accueil\\\/\"},{\"@type\":\"ListItem\",\"position\":2,\"name\":\"Politique de Confidentialit\u00e9\"}]},{\"@type\":\"WebSite\",\"@id\":\"https:\\\/\\\/marinaceuta.com\\\/fr\\\/#website\",\"url\":\"https:\\\/\\\/marinaceuta.com\\\/fr\\\/\",\"name\":\"Marina H\u00e9rcules\",\"description\":\"Puerto Deportivo Marina de Ceuta\",\"publisher\":{\"@id\":\"https:\\\/\\\/marinaceuta.com\\\/fr\\\/#organization\"},\"potentialAction\":[{\"@type\":\"SearchAction\",\"target\":{\"@type\":\"EntryPoint\",\"urlTemplate\":\"https:\\\/\\\/marinaceuta.com\\\/fr\\\/?s={search_term_string}\"},\"query-input\":{\"@type\":\"PropertyValueSpecification\",\"valueRequired\":true,\"valueName\":\"search_term_string\"}}],\"inLanguage\":\"fr-FR\"},{\"@type\":\"Organization\",\"@id\":\"https:\\\/\\\/marinaceuta.com\\\/fr\\\/#organization\",\"name\":\"Marina H\u00e9rcules\",\"url\":\"https:\\\/\\\/marinaceuta.com\\\/fr\\\/\",\"logo\":{\"@type\":\"ImageObject\",\"inLanguage\":\"fr-FR\",\"@id\":\"https:\\\/\\\/marinaceuta.com\\\/fr\\\/#\\\/schema\\\/logo\\\/image\\\/\",\"url\":\"https:\\\/\\\/marinaceuta.com\\\/wp-content\\\/uploads\\\/2024\\\/07\\\/marina-de-ceuta_LOGO-FINAL.svg\",\"contentUrl\":\"https:\\\/\\\/marinaceuta.com\\\/wp-content\\\/uploads\\\/2024\\\/07\\\/marina-de-ceuta_LOGO-FINAL.svg\",\"width\":365,\"height\":273,\"caption\":\"Marina H\u00e9rcules\"},\"image\":{\"@id\":\"https:\\\/\\\/marinaceuta.com\\\/fr\\\/#\\\/schema\\\/logo\\\/image\\\/\"},\"sameAs\":[\"https:\\\/\\\/www.facebook.com\\\/marinahercules.puertodeportivodeceuta\",\"https:\\\/\\\/x.com\\\/MarinaHercules\",\"https:\\\/\\\/www.instagram.com\\\/marinaherculesceuta?utm_source=ig_web_button_share_sheet&igsh=ZDNlZDc0MzIxNw\"]}]}<\/script>\n<!-- \/ Yoast SEO plugin. -->","yoast_head_json":{"title":"Politique de Confidentialit\u00e9 - Marina de Ceuta","robots":{"index":"noindex","follow":"nofollow"},"og_locale":"fr_FR","og_type":"article","og_title":"Politique de Confidentialit\u00e9 - Marina de Ceuta","og_description":"Politique de Confidentialit\u00e9 Chez MARINA DE CEUTA, nous sommes convaincus et d\u00e9fendons l&rsquo;id\u00e9e que le respect de votre vie priv\u00e9e est une question de la plus haute importance et que vous seul devez pouvoir d\u00e9cider de l&rsquo;utilisation qui est faite de vos informations. C\u2019est pourquoi nous nous sommes conform\u00e9s \u00e0 l\u2019ensemble des exigences du r\u00e8glement [&hellip;]","og_url":"https:\/\/marinaceuta.com\/fr\/politique-de-confidentialite\/","og_site_name":"Marina de Ceuta","article_publisher":"https:\/\/www.facebook.com\/marinahercules.puertodeportivodeceuta","article_modified_time":"2026-07-08T11:12:15+00:00","twitter_card":"summary_large_image","twitter_site":"@MarinaHercules","twitter_misc":{"Dur\u00e9e de lecture estim\u00e9e":"10 minutes"},"schema":{"@context":"https:\/\/schema.org","@graph":[{"@type":"WebPage","@id":"https:\/\/marinaceuta.com\/fr\/politique-de-confidentialite\/","url":"https:\/\/marinaceuta.com\/fr\/politique-de-confidentialite\/","name":"Politique de Confidentialit\u00e9 - Marina de Ceuta","isPartOf":{"@id":"https:\/\/marinaceuta.com\/fr\/#website"},"datePublished":"2024-07-15T15:52:21+00:00","dateModified":"2026-07-08T11:12:15+00:00","breadcrumb":{"@id":"https:\/\/marinaceuta.com\/fr\/politique-de-confidentialite\/#breadcrumb"},"inLanguage":"fr-FR","potentialAction":[{"@type":"ReadAction","target":["https:\/\/marinaceuta.com\/fr\/politique-de-confidentialite\/"]}]},{"@type":"BreadcrumbList","@id":"https:\/\/marinaceuta.com\/fr\/politique-de-confidentialite\/#breadcrumb","itemListElement":[{"@type":"ListItem","position":1,"name":"Portada","item":"https:\/\/marinaceuta.com\/fr\/accueil\/"},{"@type":"ListItem","position":2,"name":"Politique de Confidentialit\u00e9"}]},{"@type":"WebSite","@id":"https:\/\/marinaceuta.com\/fr\/#website","url":"https:\/\/marinaceuta.com\/fr\/","name":"Marina H\u00e9rcules","description":"Puerto Deportivo Marina de Ceuta","publisher":{"@id":"https:\/\/marinaceuta.com\/fr\/#organization"},"potentialAction":[{"@type":"SearchAction","target":{"@type":"EntryPoint","urlTemplate":"https:\/\/marinaceuta.com\/fr\/?s={search_term_string}"},"query-input":{"@type":"PropertyValueSpecification","valueRequired":true,"valueName":"search_term_string"}}],"inLanguage":"fr-FR"},{"@type":"Organization","@id":"https:\/\/marinaceuta.com\/fr\/#organization","name":"Marina H\u00e9rcules","url":"https:\/\/marinaceuta.com\/fr\/","logo":{"@type":"ImageObject","inLanguage":"fr-FR","@id":"https:\/\/marinaceuta.com\/fr\/#\/schema\/logo\/image\/","url":"https:\/\/marinaceuta.com\/wp-content\/uploads\/2024\/07\/marina-de-ceuta_LOGO-FINAL.svg","contentUrl":"https:\/\/marinaceuta.com\/wp-content\/uploads\/2024\/07\/marina-de-ceuta_LOGO-FINAL.svg","width":365,"height":273,"caption":"Marina H\u00e9rcules"},"image":{"@id":"https:\/\/marinaceuta.com\/fr\/#\/schema\/logo\/image\/"},"sameAs":["https:\/\/www.facebook.com\/marinahercules.puertodeportivodeceuta","https:\/\/x.com\/MarinaHercules","https:\/\/www.instagram.com\/marinaherculesceuta?utm_source=ig_web_button_share_sheet&igsh=ZDNlZDc0MzIxNw"]}]}},"_links":{"self":[{"href":"https:\/\/marinaceuta.com\/fr\/wp-json\/wp\/v2\/pages\/955","targetHints":{"allow":["GET"]}}],"collection":[{"href":"https:\/\/marinaceuta.com\/fr\/wp-json\/wp\/v2\/pages"}],"about":[{"href":"https:\/\/marinaceuta.com\/fr\/wp-json\/wp\/v2\/types\/page"}],"author":[{"embeddable":true,"href":"https:\/\/marinaceuta.com\/fr\/wp-json\/wp\/v2\/users\/1"}],"replies":[{"embeddable":true,"href":"https:\/\/marinaceuta.com\/fr\/wp-json\/wp\/v2\/comments?post=955"}],"version-history":[{"count":3,"href":"https:\/\/marinaceuta.com\/fr\/wp-json\/wp\/v2\/pages\/955\/revisions"}],"predecessor-version":[{"id":1438,"href":"https:\/\/marinaceuta.com\/fr\/wp-json\/wp\/v2\/pages\/955\/revisions\/1438"}],"wp:attachment":[{"href":"https:\/\/marinaceuta.com\/fr\/wp-json\/wp\/v2\/media?parent=955"}],"curies":[{"name":"wp","href":"https:\/\/api.w.org\/{rel}","templated":true}]}}